{"id":23,"date":"2024-09-30T13:16:11","date_gmt":"2024-09-30T13:16:11","guid":{"rendered":"https:\/\/centroinfantilmpaelmolinillo.es\/?page_id=23"},"modified":"2024-10-09T10:20:16","modified_gmt":"2024-10-09T10:20:16","slug":"conocenos","status":"publish","type":"page","link":"https:\/\/centroinfantilmpaelmolinillo.es\/?page_id=23","title":{"rendered":"Con\u00f3cenos"},"content":{"rendered":"<p>[et_pb_section fb_built=\u00bb1&#8243; _builder_version=\u00bb4.26.0&#8243; _module_preset=\u00bbdefault\u00bb use_background_color_gradient=\u00bbon\u00bb background_color_gradient_stops=\u00bbrgba(255,255,255,0.74) 0%|rgba(255,255,255,0.74) 100%\u00bb background_color_gradient_overlays_image=\u00bbon\u00bb background_image=\u00bbhttps:\/\/centroinfantilmpaelmolinillo.es\/wp-content\/uploads\/2024\/09\/background.png\u00bb custom_padding=\u00bb5px||53px|||\u00bb global_colors_info=\u00bb{}\u00bb][et_pb_row column_structure=\u00bb1_2,1_2&#8243; use_custom_gutter=\u00bbon\u00bb gutter_width=\u00bb2&#8243; _builder_version=\u00bb4.26.0&#8243; _module_preset=\u00bbdefault\u00bb custom_margin=\u00bb2px|auto||auto|false|false\u00bb custom_padding=\u00bb31px|||||\u00bb global_colors_info=\u00bb{}\u00bb][et_pb_column type=\u00bb1_2&#8243; _builder_version=\u00bb4.26.0&#8243; _module_preset=\u00bbdefault\u00bb global_colors_info=\u00bb{}\u00bb][et_pb_text _builder_version=\u00bb4.26.0&#8243; _module_preset=\u00bbdefault\u00bb text_font=\u00bbAcme||||||||\u00bb text_text_color=\u00bb#D05143&#8243; text_font_size=\u00bb50px\u00bb text_line_height=\u00bb1.5em\u00bb header_2_text_color=\u00bb#D05143&#8243; header_2_font_size=\u00bb50px\u00bb header_2_line_height=\u00bb1.5em\u00bb text_orientation=\u00bbcenter\u00bb custom_margin=\u00bb19px|||||\u00bb global_colors_info=\u00bb{}\u00bb]<\/p>\n<h2 style=\"text-align: left;\"><span style=\"color: #157741;\">\u00bf<\/span>Q<span style=\"color: #d9d246;\">u<\/span><span style=\"color: #59abe2;\">i<\/span><span style=\"color: #157741;\">e<\/span>n<span style=\"color: #d9d246;\">e<\/span><span style=\"color: #59abe2;\">s <\/span><span style=\"color: #157741;\">s<\/span>o<span style=\"color: #d9d246;\">m<\/span><span style=\"color: #59abe2;\">o<\/span><span style=\"color: #157741;\">s?<\/span><\/h2>\n<p>[\/et_pb_text][et_pb_text _builder_version=\u00bb4.26.0&#8243; _module_preset=\u00bbdefault\u00bb text_font=\u00bb|600|||||||\u00bb text_text_color=\u00bb#282828&#8243; text_font_size=\u00bb15px\u00bb text_orientation=\u00bbcenter\u00bb custom_margin=\u00bb||9px|||\u00bb global_colors_info=\u00bb{}\u00bb]<\/p>\n<p style=\"text-align: left;\"><span style=\"font-weight: 400;\">Centro educativo infantil situado en el barrio del Molino de La Vega en Huelva,\u00a0(junto al bar Patr\u00f3n).<\/span><\/p>\n<p style=\"text-align: left;\"><span style=\"font-weight: 400;\">Disponemos de unas instalaciones adaptadas a ni\u00f1os y ni\u00f1as de 0 a 3 a\u00f1os. Adem\u00e1s de cocina donde elaboramos comida casera, nutritiva y sana. Siempre inspeccionada por el servicio de sanidad.<\/span><\/p>\n<p>[\/et_pb_text][\/et_pb_column][et_pb_column type=\u00bb1_2&#8243; _builder_version=\u00bb4.26.0&#8243; _module_preset=\u00bbdefault\u00bb global_colors_info=\u00bb{}\u00bb][et_pb_text _builder_version=\u00bb4.26.0&#8243; _module_preset=\u00bbdefault\u00bb custom_margin=\u00bb120px|||||\u00bb global_colors_info=\u00bb{}\u00bb]<\/p>\n<h2><strong>Siempre lo mejor para los peques<\/strong><\/h2>\n<p><span style=\"font-weight: 400;\"><\/span><\/p>\n<p><span style=\"font-weight: 400;\">Contamos con servicio de atenci\u00f3n temprana junto con la Consejer\u00eda de Educaci\u00f3n. Adem\u00e1s de Iniciaci\u00f3n al ingl\u00e9s.<\/span><\/p>\n<p><span style=\"font-weight: 400;\">Somos centro adherido al programa de ayuda de la Junta de Andaluc\u00eda.<\/span><\/p>\n<p>[\/et_pb_text][\/et_pb_column][\/et_pb_row][et_pb_row _builder_version=\u00bb4.26.0&#8243; _module_preset=\u00bbdefault\u00bb custom_padding=\u00bb0px|||||\u00bb global_colors_info=\u00bb{}\u00bb][et_pb_column type=\u00bb4_4&#8243; _builder_version=\u00bb4.26.0&#8243; _module_preset=\u00bbdefault\u00bb global_colors_info=\u00bb{}\u00bb][et_pb_divider color=\u00bb#cecece\u00bb _builder_version=\u00bb4.26.0&#8243; _module_preset=\u00bbdefault\u00bb custom_margin=\u00bb||33px|||\u00bb global_colors_info=\u00bb{}\u00bb][\/et_pb_divider][et_pb_text _builder_version=\u00bb4.26.0&#8243; _module_preset=\u00bbdefault\u00bb text_font=\u00bbAcme||||||||\u00bb text_text_color=\u00bb#D05143&#8243; text_font_size=\u00bb50px\u00bb text_line_height=\u00bb1.5em\u00bb header_2_text_color=\u00bb#D05143&#8243; header_2_font_size=\u00bb50px\u00bb header_2_line_height=\u00bb1.5em\u00bb text_orientation=\u00bbcenter\u00bb custom_margin=\u00bb3px||0px|||\u00bb global_colors_info=\u00bb{}\u00bb]<\/p>\n<h2><span style=\"color: #157741;\">S<\/span>u <span style=\"color: #d9d246;\">f<\/span><span style=\"color: #59abe2;\">e<\/span><span style=\"color: #157741;\">l<\/span>i<span style=\"color: #d9d246;\">c<\/span><span style=\"color: #59abe2;\">i<\/span><span style=\"color: #157741;\">d<\/span>a<span style=\"color: #d9d246;\">d <\/span><span style=\"color: #59abe2;\">n<\/span><span style=\"color: #157741;\">o<\/span><span style=\"color: #cf5143;\">s<\/span> <span style=\"color: #d9d246;\">r<\/span><span style=\"color: #59abe2;\">e<\/span>c<span style=\"color: #157741;\">o<\/span>n<span style=\"color: #d9d246;\">f<\/span><span style=\"color: #59abe2;\">o<\/span><span style=\"color: #157741;\">r<span style=\"color: #cf5143;\">t<\/span><\/span><span style=\"color: #d9d246;\">a<\/span><\/h2>\n<p>[\/et_pb_text][et_pb_divider color=\u00bb#cf5143&#8243; divider_weight=\u00bb5px\u00bb _builder_version=\u00bb4.26.0&#8243; _module_preset=\u00bbdefault\u00bb width=\u00bb76%\u00bb max_width=\u00bb87px\u00bb module_alignment=\u00bbcenter\u00bb max_height=\u00bb1000px\u00bb global_colors_info=\u00bb{}\u00bb][\/et_pb_divider][et_pb_text _builder_version=\u00bb4.26.0&#8243; _module_preset=\u00bbdefault\u00bb text_font=\u00bb|600|||||||\u00bb text_text_color=\u00bb#282828&#8243; text_font_size=\u00bb15px\u00bb text_orientation=\u00bbcenter\u00bb custom_margin=\u00bb||1px|||\u00bb global_colors_info=\u00bb{}\u00bb]<\/p>\n<p><span style=\"font-weight: 400;\">Los primeros a\u00f1os de vida son esenciales para el desarrollo infantil.\u00a0<\/span><\/p>\n<p><span style=\"font-weight: 400;\">Definen la arquitectura del cerebro y dise\u00f1an el comportamiento humano. Por eso, para nosotras lo principal es que tu beb\u00e9 se sienta feliz y c\u00f3modo. Nuestra misi\u00f3n es favorecer el desarrollo f\u00edsico, cognitivo, afectivo y social de los ni\u00f1os y las ni\u00f1as.<\/span><\/p>\n<p>[\/et_pb_text][et_pb_gallery gallery_ids=\u00bb102,103,104,105,106,107,108,109,110,111,112,113,114,115,116,117,118,121,122,123&#8243; posts_number=\u00bb22&#8243; show_title_and_caption=\u00bboff\u00bb show_pagination=\u00bboff\u00bb _builder_version=\u00bb4.26.0&#8243; _module_preset=\u00bbdefault\u00bb custom_padding=\u00bb87px|||||\u00bb global_colors_info=\u00bb{}\u00bb][\/et_pb_gallery][\/et_pb_column][\/et_pb_row][et_pb_row column_structure=\u00bb1_2,1_2&#8243; _builder_version=\u00bb4.26.0&#8243; _module_preset=\u00bbdefault\u00bb custom_margin=\u00bb100px|auto||auto||\u00bb global_colors_info=\u00bb{}\u00bb][et_pb_column type=\u00bb1_2&#8243; _builder_version=\u00bb4.26.0&#8243; _module_preset=\u00bbdefault\u00bb global_colors_info=\u00bb{}\u00bb][et_pb_image src=\u00bbhttps:\/\/centroinfantilmpaelmolinillo.es\/wp-content\/uploads\/2024\/10\/Escuela-infantil.png\u00bb title_text=\u00bbEscuela-infantil\u00bb _builder_version=\u00bb4.26.0&#8243; _module_preset=\u00bbdefault\u00bb width=\u00bb100%\u00bb max_width=\u00bb100%\u00bb custom_margin=\u00bb189px|||||\u00bb global_colors_info=\u00bb{}\u00bb][\/et_pb_image][\/et_pb_column][et_pb_column type=\u00bb1_2&#8243; _builder_version=\u00bb4.26.0&#8243; _module_preset=\u00bbdefault\u00bb global_colors_info=\u00bb{}\u00bb][et_pb_text _builder_version=\u00bb4.26.0&#8243; _module_preset=\u00bbdefault\u00bb text_font=\u00bbAcme||||||||\u00bb text_text_color=\u00bb#D05143&#8243; text_font_size=\u00bb50px\u00bb text_line_height=\u00bb1.5em\u00bb header_2_text_color=\u00bb#D05143&#8243; header_2_font_size=\u00bb50px\u00bb header_2_line_height=\u00bb1.1em\u00bb text_orientation=\u00bbcenter\u00bb custom_margin=\u00bb0px|||||\u00bb global_colors_info=\u00bb{}\u00bb]<\/p>\n<h2 style=\"text-align: left;\"><span style=\"color: #157741;\">E<\/span>s<span style=\"color: #d9d246;\">t<\/span><span style=\"color: #59abe2;\">a<\/span><span style=\"color: #157741;\">r<\/span>e<span style=\"color: #d9d246;\">m<\/span><span style=\"color: #59abe2;\">o<\/span><span style=\"color: #157741;\">s <\/span>e<span style=\"color: #d9d246;\">n<\/span><span style=\"color: #59abe2;\">c<\/span><span style=\"color: #157741;\">a<\/span>n<span style=\"color: #d9d246;\">t<\/span><span style=\"color: #59abe2;\">a<\/span><span style=\"color: #157741;\">d<\/span>a<span style=\"color: #d9d246;\">s <\/span><span style=\"color: #59abe2;\">d<\/span><span style=\"color: #157741;\">e <\/span>v<span style=\"color: #d9d246;\">e<\/span><span style=\"color: #59abe2;\">r <\/span><span style=\"color: #157741;\">c<\/span>r<span style=\"color: #d9d246;\">e<\/span><span style=\"color: #59abe2;\">c<\/span><span style=\"color: #157741;\">e<\/span>r <span style=\"color: #d9d246;\">a <\/span><span style=\"color: #59abe2;\">t<\/span><span style=\"color: #157741;\">u <\/span>p<span style=\"color: #d9d246;\">e<\/span><span style=\"color: #59abe2;\">q<\/span><span style=\"color: #157741;\">u<\/span>e<\/h2>\n<p>[\/et_pb_text][et_pb_divider color=\u00bb#cf5143&#8243; divider_position=\u00bbcenter\u00bb divider_weight=\u00bb5px\u00bb _builder_version=\u00bb4.26.0&#8243; _module_preset=\u00bbdefault\u00bb width=\u00bb76%\u00bb max_width=\u00bb87px\u00bb module_alignment=\u00bbcenter\u00bb max_height=\u00bb1000px\u00bb custom_margin=\u00bb|337px||124px||\u00bb global_colors_info=\u00bb{}\u00bb][\/et_pb_divider][et_pb_text _builder_version=\u00bb4.26.0&#8243; _module_preset=\u00bbdefault\u00bb text_font=\u00bb|600|||||||\u00bb text_text_color=\u00bb#282828&#8243; text_font_size=\u00bb15px\u00bb text_orientation=\u00bbcenter\u00bb custom_margin=\u00bb||9px|||\u00bb global_colors_info=\u00bb{}\u00bb]<\/p>\n<p style=\"text-align: left;\"><span style=\"font-weight: 400;\">Nuestro objetivo principal es que su hijo o hija sea feliz aprendiendo. Nuestra mayor satisfacci\u00f3n es verlo crecer y evolucionar. Los peque\u00f1@s son el centro de nuestra atenci\u00f3n.<\/span><\/p>\n<p style=\"text-align: left;\"><span style=\"font-weight: 400;\">Nuestro equipo altamente capacitado y experimentado, junto con un ambiente seguro y acogedor, garantizan una experiencia \u00fanica para el cuidado y desarrollo de sus hijos e hijas. Aqu\u00ed, su peque\u00f1o o peque\u00f1a tendr\u00e1 la oportunidad de jugar, aprender y crecer rodeado de amor y atenci\u00f3n incondicional.<\/span><\/p>\n<p style=\"text-align: left;\"><span style=\"font-weight: 400;\">\u00a1Le esperamos para formar parte de esta gran familia!<\/span><\/p>\n<p>[\/et_pb_text][et_pb_button button_url=\u00bbtel:959240545&#8243; url_new_window=\u00bbon\u00bb button_text=\u00bb\u00bfHABLAMOS?\u00bb button_alignment=\u00bbleft\u00bb _builder_version=\u00bb4.26.0&#8243; _module_preset=\u00bbdefault\u00bb custom_button=\u00bbon\u00bb button_text_color=\u00bb#34A5ED\u00bb button_bg_color=\u00bb#FFFFFF\u00bb button_border_width=\u00bb2px\u00bb button_border_radius=\u00bb20px\u00bb button_icon=\u00bb&#xe090;||divi||400&#8243; button_icon_color=\u00bb#34A5ED\u00bb custom_margin=\u00bb39px|||||\u00bb custom_padding=\u00bb10px|30px|10px|30px|true|true\u00bb hover_enabled=\u00bb0&#8243; global_colors_info=\u00bb{}\u00bb sticky_enabled=\u00bb0&#8243;][\/et_pb_button][\/et_pb_column][\/et_pb_row][\/et_pb_section]<\/p>\n","protected":false},"excerpt":{"rendered":"<p>\u00bfQuienes somos?Centro educativo infantil situado en el barrio del Molino de La Vega en Huelva,\u00a0(junto al bar Patr\u00f3n). Disponemos de unas instalaciones adaptadas a ni\u00f1os y ni\u00f1as de 0 a 3 a\u00f1os. Adem\u00e1s de cocina donde elaboramos comida casera, nutritiva y sana. Siempre inspeccionada por el servicio de sanidad.Siempre lo mejor para los peques Contamos [&hellip;]<\/p>\n","protected":false},"author":1,"featured_media":0,"parent":0,"menu_order":0,"comment_status":"closed","ping_status":"closed","template":"","meta":{"_et_pb_use_builder":"on","_et_pb_old_content":"<!-- wp:divi\/placeholder \/-->","_et_gb_content_width":"","_themeisle_gutenberg_block_has_review":false,"footnotes":""},"class_list":["post-23","page","type-page","status-publish","hentry"],"_links":{"self":[{"href":"https:\/\/centroinfantilmpaelmolinillo.es\/index.php?rest_route=\/wp\/v2\/pages\/23","targetHints":{"allow":["GET"]}}],"collection":[{"href":"https:\/\/centroinfantilmpaelmolinillo.es\/index.php?rest_route=\/wp\/v2\/pages"}],"about":[{"href":"https:\/\/centroinfantilmpaelmolinillo.es\/index.php?rest_route=\/wp\/v2\/types\/page"}],"author":[{"embeddable":true,"href":"https:\/\/centroinfantilmpaelmolinillo.es\/index.php?rest_route=\/wp\/v2\/users\/1"}],"replies":[{"embeddable":true,"href":"https:\/\/centroinfantilmpaelmolinillo.es\/index.php?rest_route=%2Fwp%2Fv2%2Fcomments&post=23"}],"version-history":[{"count":14,"href":"https:\/\/centroinfantilmpaelmolinillo.es\/index.php?rest_route=\/wp\/v2\/pages\/23\/revisions"}],"predecessor-version":[{"id":153,"href":"https:\/\/centroinfantilmpaelmolinillo.es\/index.php?rest_route=\/wp\/v2\/pages\/23\/revisions\/153"}],"wp:attachment":[{"href":"https:\/\/centroinfantilmpaelmolinillo.es\/index.php?rest_route=%2Fwp%2Fv2%2Fmedia&parent=23"}],"curies":[{"name":"wp","href":"https:\/\/api.w.org\/{rel}","templated":true}]}}